{"id":1334,"date":"2025-07-13T05:21:58","date_gmt":"2025-07-13T05:21:58","guid":{"rendered":"https:\/\/www.coray-vallat.ch\/?page_id=1334"},"modified":"2025-11-23T14:09:01","modified_gmt":"2025-11-23T14:09:01","slug":"actualite","status":"publish","type":"page","link":"http:\/\/www.coray-vallat.ch\/de\/aktuell\/","title":{"rendered":"News"},"content":{"rendered":"<div data-elementor-type=\"wp-page\" data-elementor-id=\"1334\" class=\"elementor elementor-1334\" data-elementor-post-type=\"page\">\n\t\t\t\t<div class=\"elementor-element elementor-element-2823cb17 e-flex e-con-boxed wpr-particle-no wpr-jarallax-no wpr-parallax-no wpr-sticky-section-no e-con e-parent\" data-id=\"2823cb17\" data-element_type=\"container\" data-e-type=\"container\" data-settings=\"{&quot;background_background&quot;:&quot;classic&quot;}\">\n\t\t\t\t\t<div class=\"e-con-inner\">\n\t\t\t\t<div class=\"elementor-element elementor-element-61ff3315 elementor-widget elementor-widget-heading\" data-id=\"61ff3315\" data-element_type=\"widget\" data-e-type=\"widget\" data-widget_type=\"heading.default\">\n\t\t\t\t<div class=\"elementor-widget-container\">\n\t\t\t\t\t<h1 class=\"elementor-heading-title elementor-size-default\">News<\/h1>\t\t\t\t<\/div>\n\t\t\t\t<\/div>\n\t\t\t\t\t<\/div>\n\t\t\t\t<\/div>\n\t\t<div class=\"elementor-element elementor-element-6cfc0f5 e-flex e-con-boxed wpr-particle-no wpr-jarallax-no wpr-parallax-no wpr-sticky-section-no e-con e-parent\" data-id=\"6cfc0f5\" data-element_type=\"container\" data-e-type=\"container\">\n\t\t\t\t\t<div class=\"e-con-inner\">\n\t\t\t\t<div class=\"elementor-element elementor-element-d9c99a3 elementor-widget elementor-widget-html\" data-id=\"d9c99a3\" data-element_type=\"widget\" data-e-type=\"widget\" data-widget_type=\"html.default\">\n\t\t\t\t<div class=\"elementor-widget-container\">\n\t\t\t\t\t    <div class=\"blog-video-grid\">\r\n                        <div class=\"blog-post-card\">\r\n                    <div class=\"post-date\">\r\n                        <div class=\"post-day\">22<\/div>\r\n                        <div class=\"post-month\">MAR<\/div>\r\n                        <div class=\"post-year\">2026<\/div>\r\n                    <\/div>\r\n\r\n                    <div class=\"post-thumbnail\">\r\n                        <img fetchpriority=\"high\" decoding=\"async\" width=\"768\" height=\"512\" src=\"https:\/\/i0.wp.com\/www.coray-vallat.ch\/wp-content\/uploads\/2026\/03\/035_Brique-Sud-scaled.jpg?fit=768%2C512\" class=\"attachment-medium_large size-medium_large wp-post-image\" alt=\"035 Brique Sud\" srcset=\"https:\/\/i0.wp.com\/www.coray-vallat.ch\/wp-content\/uploads\/2026\/03\/035_Brique-Sud-scaled.jpg?w=2560 2560w, https:\/\/i0.wp.com\/www.coray-vallat.ch\/wp-content\/uploads\/2026\/03\/035_Brique-Sud-scaled.jpg?resize=300%2C200 300w, https:\/\/i0.wp.com\/www.coray-vallat.ch\/wp-content\/uploads\/2026\/03\/035_Brique-Sud-scaled.jpg?resize=1024%2C682 1024w, https:\/\/i0.wp.com\/www.coray-vallat.ch\/wp-content\/uploads\/2026\/03\/035_Brique-Sud-scaled.jpg?resize=768%2C512 768w, https:\/\/i0.wp.com\/www.coray-vallat.ch\/wp-content\/uploads\/2026\/03\/035_Brique-Sud-scaled.jpg?resize=1536%2C1023 1536w, https:\/\/i0.wp.com\/www.coray-vallat.ch\/wp-content\/uploads\/2026\/03\/035_Brique-Sud-scaled.jpg?resize=2048%2C1364 2048w, https:\/\/i0.wp.com\/www.coray-vallat.ch\/wp-content\/uploads\/2026\/03\/035_Brique-Sud-scaled.jpg?resize=18%2C12 18w, https:\/\/i0.wp.com\/www.coray-vallat.ch\/wp-content\/uploads\/2026\/03\/035_Brique-Sud-scaled.jpg?w=1600 1600w, https:\/\/i0.wp.com\/www.coray-vallat.ch\/wp-content\/uploads\/2026\/03\/035_Brique-Sud-scaled.jpg?w=2400 2400w\" sizes=\"(max-width: 768px) 100vw, 768px\" \/>                    <\/div>\r\n\r\n                    <div class=\"post-tag custom-post-tag\">Ver\u00f6ffentlichungen<\/div>\r\n                    <h3 class=\"post-title custom-post-title\">Permis de construire obtenu \u2013 Villa Le B\u00e9ridier<\/h3>\r\n\r\n                    <div class=\"post-excerpt custom-post-excerpt\">\r\n                        <p>Nous avons le plaisir d\u2019annoncer l\u2019obtention du permis de construire pour le projet de villa Le B\u00e9ridier. Cette \u00e9tape importante marque la validation du projet par les autorit\u00e9s et nous permet d\u2019engager sereinement la suite des \u00e9tudes ainsi que la pr\u00e9paration du chantier. Nous remercions l\u2019ensemble des intervenants pour leur collaboration et nous nous r\u00e9jouissons de concr\u00e9tiser prochainement cette r\u00e9alisation.<\/p>\n<p class=\"post-link\"><a href=\"http:\/\/www.coray-vallat.ch\/de\/eimeldingerweg-2\/\" target=\"_blank\" rel=\"noopener noreferrer\">Mehr erfahren...<\/a><\/p>                    <\/div>\r\n                <\/div>\r\n                                <div class=\"blog-post-card\">\r\n                    <div class=\"post-date\">\r\n                        <div class=\"post-day\">22<\/div>\r\n                        <div class=\"post-month\">MAR<\/div>\r\n                        <div class=\"post-year\">2026<\/div>\r\n                    <\/div>\r\n\r\n                    <div class=\"post-thumbnail\">\r\n                        <img decoding=\"async\" width=\"768\" height=\"512\" src=\"https:\/\/i0.wp.com\/www.coray-vallat.ch\/wp-content\/uploads\/2026\/03\/SIA-scaled.jpg?fit=768%2C512\" class=\"attachment-medium_large size-medium_large wp-post-image\" alt=\"SIA\" srcset=\"https:\/\/i0.wp.com\/www.coray-vallat.ch\/wp-content\/uploads\/2026\/03\/SIA-scaled.jpg?w=2560 2560w, https:\/\/i0.wp.com\/www.coray-vallat.ch\/wp-content\/uploads\/2026\/03\/SIA-scaled.jpg?resize=300%2C200 300w, https:\/\/i0.wp.com\/www.coray-vallat.ch\/wp-content\/uploads\/2026\/03\/SIA-scaled.jpg?resize=1024%2C683 1024w, https:\/\/i0.wp.com\/www.coray-vallat.ch\/wp-content\/uploads\/2026\/03\/SIA-scaled.jpg?resize=768%2C512 768w, https:\/\/i0.wp.com\/www.coray-vallat.ch\/wp-content\/uploads\/2026\/03\/SIA-scaled.jpg?resize=1536%2C1024 1536w, https:\/\/i0.wp.com\/www.coray-vallat.ch\/wp-content\/uploads\/2026\/03\/SIA-scaled.jpg?resize=2048%2C1365 2048w, https:\/\/i0.wp.com\/www.coray-vallat.ch\/wp-content\/uploads\/2026\/03\/SIA-scaled.jpg?resize=18%2C12 18w, https:\/\/i0.wp.com\/www.coray-vallat.ch\/wp-content\/uploads\/2026\/03\/SIA-scaled.jpg?w=1600 1600w, https:\/\/i0.wp.com\/www.coray-vallat.ch\/wp-content\/uploads\/2026\/03\/SIA-scaled.jpg?w=2400 2400w\" sizes=\"(max-width: 768px) 100vw, 768px\" \/>                    <\/div>\r\n\r\n                    <div class=\"post-tag custom-post-tag\">Aktuelles<\/div>\r\n                    <h3 class=\"post-title custom-post-title\">Adh\u00e9sion \u00e0 la SIA<\/h3>\r\n\r\n                    <div class=\"post-excerpt custom-post-excerpt\">\r\n                        <p>Nous avons le plaisir d\u2019annoncer l\u2019adh\u00e9sion de notre bureau, Coray Vallat Architectes S\u00e0rl, \u00e0 la SIA. Cette \u00e9tape marque une volont\u00e9 claire de renforcer notre engagement envers la qualit\u00e9, la rigueur et les bonnes pratiques qui structurent notre profession en Suisse. En rejoignant la SIA, nous nous inscrivons dans un r\u00e9seau reconnu d\u2019experts, partageant des standards exigeants en mati\u00e8re de conception, de planification et de r\u00e9alisation &nbsp;<\/p>\n                    <\/div>\r\n                <\/div>\r\n                                <div class=\"blog-post-card\" style=\"width: 100%; flex: 1 1 0; display: flex; flex-direction: column; height: 100%;\">\r\n   <div class=\"video-container\" style=\"flex: 1;\">\r\n   <video autoplay muted loop playsinline style=\"width: 100%; height: 100%; object-fit: cover; display: block;\">\r\n            <source src=\"http:\/\/www.coray-vallat.ch\/wp-content\/uploads\/2025\/08\/Video-sans-titre-14.mp4\" type=\"video\/mp4\">\r\n            Ihr Browser unterst\u00fctzt die Wiedergabe von HTML5-Videos nicht.\r\n        <\/video>\r\n          <\/a>\r\n    <\/div>\r\n<\/div>\r\n\r\n\r\n                                    <div class=\"blog-post-card\">\r\n                    <div class=\"post-date\">\r\n                        <div class=\"post-day\">27<\/div>\r\n                        <div class=\"post-month\">NOV<\/div>\r\n                        <div class=\"post-year\">2025<\/div>\r\n                    <\/div>\r\n\r\n                    <div class=\"post-thumbnail\">\r\n                        <img decoding=\"async\" width=\"768\" height=\"512\" src=\"https:\/\/i0.wp.com\/www.coray-vallat.ch\/wp-content\/uploads\/2025\/11\/Granfontaine-scaled.jpg?fit=768%2C512\" class=\"attachment-medium_large size-medium_large wp-post-image\" alt=\"Granfontaine\" srcset=\"https:\/\/i0.wp.com\/www.coray-vallat.ch\/wp-content\/uploads\/2025\/11\/Granfontaine-scaled.jpg?w=2560 2560w, https:\/\/i0.wp.com\/www.coray-vallat.ch\/wp-content\/uploads\/2025\/11\/Granfontaine-scaled.jpg?resize=300%2C200 300w, https:\/\/i0.wp.com\/www.coray-vallat.ch\/wp-content\/uploads\/2025\/11\/Granfontaine-scaled.jpg?resize=1024%2C683 1024w, https:\/\/i0.wp.com\/www.coray-vallat.ch\/wp-content\/uploads\/2025\/11\/Granfontaine-scaled.jpg?resize=768%2C512 768w, https:\/\/i0.wp.com\/www.coray-vallat.ch\/wp-content\/uploads\/2025\/11\/Granfontaine-scaled.jpg?resize=1536%2C1024 1536w, https:\/\/i0.wp.com\/www.coray-vallat.ch\/wp-content\/uploads\/2025\/11\/Granfontaine-scaled.jpg?resize=2048%2C1365 2048w, https:\/\/i0.wp.com\/www.coray-vallat.ch\/wp-content\/uploads\/2025\/11\/Granfontaine-scaled.jpg?resize=18%2C12 18w, https:\/\/i0.wp.com\/www.coray-vallat.ch\/wp-content\/uploads\/2025\/11\/Granfontaine-scaled.jpg?w=1600 1600w, https:\/\/i0.wp.com\/www.coray-vallat.ch\/wp-content\/uploads\/2025\/11\/Granfontaine-scaled.jpg?w=2400 2400w\" sizes=\"(max-width: 768px) 100vw, 768px\" \/>                    <\/div>\r\n\r\n                    <div class=\"post-tag custom-post-tag\">Ver\u00f6ffentlichungen<\/div>\r\n                    <h3 class=\"post-title custom-post-title\">Renovierung des Gemeindegeb\u00e4udes in Grandfontaine validiert<\/h3>\r\n\r\n                    <div class=\"post-excerpt custom-post-excerpt\">\r\n                        <p>Renovierung des Gemeindegeb\u00e4udes von Grandfontaine genehmigt. Bei einer au\u00dferordentlichen Versammlung am Dienstagabend stimmten die 42 Anspruchsberechtigten mit gro\u00dfer Mehrheit und nur drei Gegenstimmen einem Kredit von 4 Millionen Franken zu. Das Projekt sieht die Verbesserung der W\u00e4rmed\u00e4mmung, die Modernisierung der technischen Anlagen sowie verschiedene Sicherheits- und Zugangsma\u00dfnahmen vor, die nach mehreren Jahrzehnten ohne gr\u00f6\u00dfere Eingriffe notwendig geworden waren. Das Ziel: funktionellere, komfortablere und leistungsf\u00e4higere R\u00e4ume f\u00fcr alle Nutzer zu bieten. Laut.<\/p>\n<p class=\"post-link\"><a href=\"https:\/\/www.lqj.ch\/articles\/lecole-et-ladministration-seront-renovees-123879\" target=\"_blank\" rel=\"noopener noreferrer\">Mehr erfahren...<\/a><\/p>                    <\/div>\r\n                <\/div>\r\n                                <div class=\"blog-post-card\">\r\n                    <div class=\"post-date\">\r\n                        <div class=\"post-day\">13<\/div>\r\n                        <div class=\"post-month\">NOV<\/div>\r\n                        <div class=\"post-year\">2025<\/div>\r\n                    <\/div>\r\n\r\n                    <div class=\"post-thumbnail\">\r\n                        <img loading=\"lazy\" decoding=\"async\" width=\"768\" height=\"511\" src=\"https:\/\/i0.wp.com\/www.coray-vallat.ch\/wp-content\/uploads\/2025\/11\/Gradft_1-scaled.jpg?fit=768%2C511\" class=\"attachment-medium_large size-medium_large wp-post-image\" alt=\"Gradft 1 scaled\" srcset=\"https:\/\/i0.wp.com\/www.coray-vallat.ch\/wp-content\/uploads\/2025\/11\/Gradft_1-scaled.jpg?w=2560 2560w, https:\/\/i0.wp.com\/www.coray-vallat.ch\/wp-content\/uploads\/2025\/11\/Gradft_1-scaled.jpg?resize=300%2C200 300w, https:\/\/i0.wp.com\/www.coray-vallat.ch\/wp-content\/uploads\/2025\/11\/Gradft_1-scaled.jpg?resize=1024%2C682 1024w, https:\/\/i0.wp.com\/www.coray-vallat.ch\/wp-content\/uploads\/2025\/11\/Gradft_1-scaled.jpg?resize=768%2C511 768w, https:\/\/i0.wp.com\/www.coray-vallat.ch\/wp-content\/uploads\/2025\/11\/Gradft_1-scaled.jpg?resize=1536%2C1023 1536w, https:\/\/i0.wp.com\/www.coray-vallat.ch\/wp-content\/uploads\/2025\/11\/Gradft_1-scaled.jpg?resize=2048%2C1364 2048w, https:\/\/i0.wp.com\/www.coray-vallat.ch\/wp-content\/uploads\/2025\/11\/Gradft_1-scaled.jpg?resize=18%2C12 18w, https:\/\/i0.wp.com\/www.coray-vallat.ch\/wp-content\/uploads\/2025\/11\/Gradft_1-scaled.jpg?w=1600 1600w, https:\/\/i0.wp.com\/www.coray-vallat.ch\/wp-content\/uploads\/2025\/11\/Gradft_1-scaled.jpg?w=2400 2400w\" sizes=\"(max-width: 768px) 100vw, 768px\" \/>                    <\/div>\r\n\r\n                    <div class=\"post-tag custom-post-tag\">Ver\u00f6ffentlichungen<\/div>\r\n                    <h3 class=\"post-title custom-post-title\">Sanierung des Gemeindegeb\u00e4udes von Grandfontaine<\/h3>\r\n\r\n                    <div class=\"post-excerpt custom-post-excerpt\">\r\n                        <p>Die Renovation des Gemeindegeb\u00e4udes von Grandfontaine zielt darauf ab, die Primarschule, die Turnhalle und die Gemeindeverwaltung zu modernisieren. Das Projekt sieht Verbesserungen der W\u00e4rmed\u00e4mmung, des Dachs, der Sicherheit und der Zug\u00e4nglichkeit des Geb\u00e4udes vor, was nach mehreren Jahrzehnten ohne gr\u00f6ssere Eingriffe notwendig geworden ist. Die Arbeiten umfassen zudem die Erneuerung der Heizungsanlage sowie eine Neuorganisation der Zug\u00e4nge, um die Schul- und Verwaltungsfl\u00e4chen besser zu trennen. Diese Renovation des Gemeindegeb\u00e4udes von Grandfontaine stellt eine wesentliche Investition dar, um Komfort, Energieeffizienz und Qualit\u00e4t zu gew\u00e4hrleisten\u2026<\/p>\n<p class=\"post-link\"><a href=\"https:\/\/www.rfj.ch\/rfj\/Actualite\/Region\/20251113-Un-projet-d-envergure-pour-la-Commune-de-Grandfontaine.html\" target=\"_blank\" rel=\"noopener noreferrer\">Mehr erfahren...<\/a><\/p>                    <\/div>\r\n                <\/div>\r\n                                <div class=\"blog-post-card\">\r\n                    <div class=\"post-date\">\r\n                        <div class=\"post-day\">16<\/div>\r\n                        <div class=\"post-month\">SEP<\/div>\r\n                        <div class=\"post-year\">2025<\/div>\r\n                    <\/div>\r\n\r\n                    <div class=\"post-thumbnail\">\r\n                        <img loading=\"lazy\" decoding=\"async\" width=\"768\" height=\"512\" src=\"https:\/\/i0.wp.com\/www.coray-vallat.ch\/wp-content\/uploads\/2024\/08\/logo-REG-scaled.jpg?fit=768%2C512\" class=\"attachment-medium_large size-medium_large wp-post-image\" alt=\"REG-Logo scaled\" srcset=\"https:\/\/i0.wp.com\/www.coray-vallat.ch\/wp-content\/uploads\/2024\/08\/logo-REG-scaled.jpg?w=2560 2560w, https:\/\/i0.wp.com\/www.coray-vallat.ch\/wp-content\/uploads\/2024\/08\/logo-REG-scaled.jpg?resize=300%2C200 300w, https:\/\/i0.wp.com\/www.coray-vallat.ch\/wp-content\/uploads\/2024\/08\/logo-REG-scaled.jpg?resize=1024%2C683 1024w, https:\/\/i0.wp.com\/www.coray-vallat.ch\/wp-content\/uploads\/2024\/08\/logo-REG-scaled.jpg?resize=768%2C512 768w, https:\/\/i0.wp.com\/www.coray-vallat.ch\/wp-content\/uploads\/2024\/08\/logo-REG-scaled.jpg?resize=1536%2C1024 1536w, https:\/\/i0.wp.com\/www.coray-vallat.ch\/wp-content\/uploads\/2024\/08\/logo-REG-scaled.jpg?resize=2048%2C1365 2048w, https:\/\/i0.wp.com\/www.coray-vallat.ch\/wp-content\/uploads\/2024\/08\/logo-REG-scaled.jpg?resize=18%2C12 18w, https:\/\/i0.wp.com\/www.coray-vallat.ch\/wp-content\/uploads\/2024\/08\/logo-REG-scaled.jpg?w=1600 1600w, https:\/\/i0.wp.com\/www.coray-vallat.ch\/wp-content\/uploads\/2024\/08\/logo-REG-scaled.jpg?w=2400 2400w\" sizes=\"(max-width: 768px) 100vw, 768px\" \/>                    <\/div>\r\n\r\n                    <div class=\"post-tag custom-post-tag\">Aktuelles<\/div>\r\n                    <h3 class=\"post-title custom-post-title\">REG-A-Eintragung von Natacha<\/h3>\r\n\r\n                    <div class=\"post-excerpt custom-post-excerpt\">\r\n                        <p>Die REG-A-Eintragung von Natacha stellt einen wichtigen Schritt f\u00fcr unser B\u00fcro dar. Diese offizielle Anerkennung best\u00e4tigt die Qualit\u00e4t ihres Werdegangs, ihre Fachkompetenz und ihr Engagement f\u00fcr eine anspruchsvolle Architekturpraxis in der Schweiz. F\u00fcr Coray Vallat Architectes st\u00e4rkt diese Eintragung die Glaubw\u00fcrdigkeit und die Fachlichkeit, die wir in jedes unserer Projekte einbringen, und gew\u00e4hrleistet unseren Kunden Dienstleistungen, die den h\u00f6chsten Branchenstandards entsprechen. Weitere Informationen zu den offiziellen Anforderungen finden Sie\u2026<\/p>\n<p class=\"post-link\"><a href=\"https:\/\/reg.ch\" target=\"_blank\" rel=\"noopener noreferrer\">Mehr erfahren...<\/a><\/p>                    <\/div>\r\n                <\/div>\r\n                                <div class=\"blog-post-card\">\r\n                    <div class=\"post-date\">\r\n                        <div class=\"post-day\">13<\/div>\r\n                        <div class=\"post-month\">DEZ<\/div>\r\n                        <div class=\"post-year\">2024<\/div>\r\n                    <\/div>\r\n\r\n                    <div class=\"post-thumbnail\">\r\n                        <img loading=\"lazy\" decoding=\"async\" width=\"768\" height=\"512\" src=\"https:\/\/i0.wp.com\/www.coray-vallat.ch\/wp-content\/uploads\/2024\/08\/Butte-charpente-est-posee-scaled.jpg?fit=768%2C512\" class=\"attachment-medium_large size-medium_large wp-post-image\" alt=\"Butte charpente est posee scaled\" srcset=\"https:\/\/i0.wp.com\/www.coray-vallat.ch\/wp-content\/uploads\/2024\/08\/Butte-charpente-est-posee-scaled.jpg?w=2560 2560w, https:\/\/i0.wp.com\/www.coray-vallat.ch\/wp-content\/uploads\/2024\/08\/Butte-charpente-est-posee-scaled.jpg?resize=300%2C200 300w, https:\/\/i0.wp.com\/www.coray-vallat.ch\/wp-content\/uploads\/2024\/08\/Butte-charpente-est-posee-scaled.jpg?resize=1024%2C683 1024w, https:\/\/i0.wp.com\/www.coray-vallat.ch\/wp-content\/uploads\/2024\/08\/Butte-charpente-est-posee-scaled.jpg?resize=768%2C512 768w, https:\/\/i0.wp.com\/www.coray-vallat.ch\/wp-content\/uploads\/2024\/08\/Butte-charpente-est-posee-scaled.jpg?resize=1536%2C1024 1536w, https:\/\/i0.wp.com\/www.coray-vallat.ch\/wp-content\/uploads\/2024\/08\/Butte-charpente-est-posee-scaled.jpg?resize=2048%2C1365 2048w, https:\/\/i0.wp.com\/www.coray-vallat.ch\/wp-content\/uploads\/2024\/08\/Butte-charpente-est-posee-scaled.jpg?resize=18%2C12 18w, https:\/\/i0.wp.com\/www.coray-vallat.ch\/wp-content\/uploads\/2024\/08\/Butte-charpente-est-posee-scaled.jpg?w=1600 1600w, https:\/\/i0.wp.com\/www.coray-vallat.ch\/wp-content\/uploads\/2024\/08\/Butte-charpente-est-posee-scaled.jpg?w=2400 2400w\" sizes=\"(max-width: 768px) 100vw, 768px\" \/>                    <\/div>\r\n\r\n                    <div class=\"post-tag custom-post-tag\">Baustelle<\/div>\r\n                    <h3 class=\"post-title custom-post-title\">Haus Butte | Der Dachstuhl ist fertiggestellt<\/h3>\r\n\r\n                    <div class=\"post-excerpt custom-post-excerpt\">\r\n                        <p>Mitte Dezember 2024 wurde das Dachger\u00fcst der Reihenh\u00e4user in La Butte in Epalinges errichtet! Ein Meilenstein bei diesem Bauprojekt.<\/p>\n                    <\/div>\r\n                <\/div>\r\n                                <div class=\"blog-post-card\">\r\n                    <div class=\"post-date\">\r\n                        <div class=\"post-day\">05<\/div>\r\n                        <div class=\"post-month\">DEZ<\/div>\r\n                        <div class=\"post-year\">2024<\/div>\r\n                    <\/div>\r\n\r\n                    <div class=\"post-thumbnail\">\r\n                        <img loading=\"lazy\" decoding=\"async\" width=\"768\" height=\"512\" src=\"https:\/\/i0.wp.com\/www.coray-vallat.ch\/wp-content\/uploads\/2024\/08\/Butte-levure-scaled.jpg?fit=768%2C512\" class=\"attachment-medium_large size-medium_large wp-post-image\" alt=\"Butte Hefe gesch\u00e4lt\" srcset=\"https:\/\/i0.wp.com\/www.coray-vallat.ch\/wp-content\/uploads\/2024\/08\/Butte-levure-scaled.jpg?w=2560 2560w, https:\/\/i0.wp.com\/www.coray-vallat.ch\/wp-content\/uploads\/2024\/08\/Butte-levure-scaled.jpg?resize=300%2C200 300w, https:\/\/i0.wp.com\/www.coray-vallat.ch\/wp-content\/uploads\/2024\/08\/Butte-levure-scaled.jpg?resize=1024%2C683 1024w, https:\/\/i0.wp.com\/www.coray-vallat.ch\/wp-content\/uploads\/2024\/08\/Butte-levure-scaled.jpg?resize=768%2C512 768w, https:\/\/i0.wp.com\/www.coray-vallat.ch\/wp-content\/uploads\/2024\/08\/Butte-levure-scaled.jpg?resize=1536%2C1024 1536w, https:\/\/i0.wp.com\/www.coray-vallat.ch\/wp-content\/uploads\/2024\/08\/Butte-levure-scaled.jpg?resize=2048%2C1365 2048w, https:\/\/i0.wp.com\/www.coray-vallat.ch\/wp-content\/uploads\/2024\/08\/Butte-levure-scaled.jpg?resize=18%2C12 18w, https:\/\/i0.wp.com\/www.coray-vallat.ch\/wp-content\/uploads\/2024\/08\/Butte-levure-scaled.jpg?w=1600 1600w, https:\/\/i0.wp.com\/www.coray-vallat.ch\/wp-content\/uploads\/2024\/08\/Butte-levure-scaled.jpg?w=2400 2400w\" sizes=\"(max-width: 768px) 100vw, 768px\" \/>                    <\/div>\r\n\r\n                    <div class=\"post-tag custom-post-tag\">Anl\u00e4sse<\/div>\r\n                    <h3 class=\"post-title custom-post-title\">Haus Butte | Bauruheizung<\/h3>\r\n\r\n                    <div class=\"post-excerpt custom-post-excerpt\">\r\n                        <p>Geselliger Moment bei einem Ap\u00e9ro und einem Fondue, um den Abschluss der Rohbauarbeiten mit Mauerwerk und Holzrahmenbau zu feiern. Eine Gelegenheit zum Austausch und um schon ein wenig auf die Feiertage zum Jahresende vorzufreuen!<\/p>\n                    <\/div>\r\n                <\/div>\r\n                                <div class=\"blog-post-card\">\r\n                    <div class=\"post-date\">\r\n                        <div class=\"post-day\">21<\/div>\r\n                        <div class=\"post-month\">AUG<\/div>\r\n                        <div class=\"post-year\">2024<\/div>\r\n                    <\/div>\r\n\r\n                    <div class=\"post-thumbnail\">\r\n                        <img loading=\"lazy\" decoding=\"async\" width=\"768\" height=\"512\" src=\"https:\/\/i0.wp.com\/www.coray-vallat.ch\/wp-content\/uploads\/2025\/08\/009_00.webp?fit=768%2C512\" class=\"attachment-medium_large size-medium_large wp-post-image\" alt=\"009 00\" srcset=\"https:\/\/i0.wp.com\/www.coray-vallat.ch\/wp-content\/uploads\/2025\/08\/009_00.webp?w=2500 2500w, https:\/\/i0.wp.com\/www.coray-vallat.ch\/wp-content\/uploads\/2025\/08\/009_00.webp?resize=300%2C200 300w, https:\/\/i0.wp.com\/www.coray-vallat.ch\/wp-content\/uploads\/2025\/08\/009_00.webp?resize=1024%2C682 1024w, https:\/\/i0.wp.com\/www.coray-vallat.ch\/wp-content\/uploads\/2025\/08\/009_00.webp?resize=768%2C512 768w, https:\/\/i0.wp.com\/www.coray-vallat.ch\/wp-content\/uploads\/2025\/08\/009_00.webp?resize=1536%2C1024 1536w, https:\/\/i0.wp.com\/www.coray-vallat.ch\/wp-content\/uploads\/2025\/08\/009_00.webp?resize=2048%2C1365 2048w, https:\/\/i0.wp.com\/www.coray-vallat.ch\/wp-content\/uploads\/2025\/08\/009_00.webp?resize=18%2C12 18w, https:\/\/i0.wp.com\/www.coray-vallat.ch\/wp-content\/uploads\/2025\/08\/009_00.webp?w=1600 1600w, https:\/\/i0.wp.com\/www.coray-vallat.ch\/wp-content\/uploads\/2025\/08\/009_00.webp?w=2400 2400w\" sizes=\"(max-width: 768px) 100vw, 768px\" \/>                    <\/div>\r\n\r\n                    <div class=\"post-tag custom-post-tag\">Baustelle<\/div>\r\n                    <h3 class=\"post-title custom-post-title\">Beginn der Renovierungsarbeiten am Rathaus<\/h3>\r\n\r\n                    <div class=\"post-excerpt custom-post-excerpt\">\r\n                                            <\/div>\r\n                <\/div>\r\n                                <div class=\"blog-post-card\">\r\n                    <div class=\"post-date\">\r\n                        <div class=\"post-day\">10<\/div>\r\n                        <div class=\"post-month\">DEZ<\/div>\r\n                        <div class=\"post-year\">2023<\/div>\r\n                    <\/div>\r\n\r\n                    <div class=\"post-thumbnail\">\r\n                        <img loading=\"lazy\" decoding=\"async\" width=\"768\" height=\"512\" src=\"https:\/\/i0.wp.com\/www.coray-vallat.ch\/wp-content\/uploads\/2023\/12\/Ecole-de-Bure-inauguration-scaled.jpg?fit=768%2C512\" class=\"attachment-medium_large size-medium_large wp-post-image\" alt=\"Schule von Bure inauguration scaled\" srcset=\"https:\/\/i0.wp.com\/www.coray-vallat.ch\/wp-content\/uploads\/2023\/12\/Ecole-de-Bure-inauguration-scaled.jpg?w=2560 2560w, https:\/\/i0.wp.com\/www.coray-vallat.ch\/wp-content\/uploads\/2023\/12\/Ecole-de-Bure-inauguration-scaled.jpg?resize=300%2C200 300w, https:\/\/i0.wp.com\/www.coray-vallat.ch\/wp-content\/uploads\/2023\/12\/Ecole-de-Bure-inauguration-scaled.jpg?resize=1024%2C683 1024w, https:\/\/i0.wp.com\/www.coray-vallat.ch\/wp-content\/uploads\/2023\/12\/Ecole-de-Bure-inauguration-scaled.jpg?resize=768%2C512 768w, https:\/\/i0.wp.com\/www.coray-vallat.ch\/wp-content\/uploads\/2023\/12\/Ecole-de-Bure-inauguration-scaled.jpg?resize=1536%2C1024 1536w, https:\/\/i0.wp.com\/www.coray-vallat.ch\/wp-content\/uploads\/2023\/12\/Ecole-de-Bure-inauguration-scaled.jpg?resize=2048%2C1365 2048w, https:\/\/i0.wp.com\/www.coray-vallat.ch\/wp-content\/uploads\/2023\/12\/Ecole-de-Bure-inauguration-scaled.jpg?resize=18%2C12 18w, https:\/\/i0.wp.com\/www.coray-vallat.ch\/wp-content\/uploads\/2023\/12\/Ecole-de-Bure-inauguration-scaled.jpg?w=1600 1600w, https:\/\/i0.wp.com\/www.coray-vallat.ch\/wp-content\/uploads\/2023\/12\/Ecole-de-Bure-inauguration-scaled.jpg?w=2400 2400w\" sizes=\"(max-width: 768px) 100vw, 768px\" \/>                    <\/div>\r\n\r\n                    <div class=\"post-tag custom-post-tag\">Er\u00f6ffnung<\/div>\r\n                    <h3 class=\"post-title custom-post-title\">Einweihung der Grundschule Bure nach ihrer Instandhaltung und Teilrenovierung<\/h3>\r\n\r\n                    <div class=\"post-excerpt custom-post-excerpt\">\r\n                        <p>Nach etwa anderthalb Jahren sind die Instandhaltungsarbeiten an der Grundschule in Bure abgeschlossen. Dabei wurden auch einige Renovierungsarbeiten durchgef\u00fchrt, um die Energieeffizienz des Geb\u00e4udes zu verbessern, darunter die Anbringung einer zus\u00e4tzlichen Isolierung, der Austausch der Fenster, die Erneuerung der Heizungsanlage und die Installation von Sonnenkollektoren.<\/p>\n<p class=\"post-link\"><a href=\"https:\/\/www.lqj.ch\/articles\/l-ecole-primaire-de-bure-renovee-et-autonome-energetiquement-67216\" target=\"_blank\" rel=\"noopener noreferrer\">Mehr erfahren...<\/a><\/p>                    <\/div>\r\n                <\/div>\r\n                                <div class=\"blog-post-card\">\r\n                    <div class=\"post-date\">\r\n                        <div class=\"post-day\">09<\/div>\r\n                        <div class=\"post-month\">AUG<\/div>\r\n                        <div class=\"post-year\">2022<\/div>\r\n                    <\/div>\r\n\r\n                    <div class=\"post-thumbnail\">\r\n                        <img loading=\"lazy\" decoding=\"async\" width=\"768\" height=\"512\" src=\"https:\/\/i0.wp.com\/www.coray-vallat.ch\/wp-content\/uploads\/2024\/08\/Maison-et-Jardin-scaled.jpg?fit=768%2C512\" class=\"attachment-medium_large size-medium_large wp-post-image\" alt=\"Haus und Garten scaled\" srcset=\"https:\/\/i0.wp.com\/www.coray-vallat.ch\/wp-content\/uploads\/2024\/08\/Maison-et-Jardin-scaled.jpg?w=2560 2560w, https:\/\/i0.wp.com\/www.coray-vallat.ch\/wp-content\/uploads\/2024\/08\/Maison-et-Jardin-scaled.jpg?resize=300%2C200 300w, https:\/\/i0.wp.com\/www.coray-vallat.ch\/wp-content\/uploads\/2024\/08\/Maison-et-Jardin-scaled.jpg?resize=1024%2C683 1024w, https:\/\/i0.wp.com\/www.coray-vallat.ch\/wp-content\/uploads\/2024\/08\/Maison-et-Jardin-scaled.jpg?resize=768%2C512 768w, https:\/\/i0.wp.com\/www.coray-vallat.ch\/wp-content\/uploads\/2024\/08\/Maison-et-Jardin-scaled.jpg?resize=1536%2C1024 1536w, https:\/\/i0.wp.com\/www.coray-vallat.ch\/wp-content\/uploads\/2024\/08\/Maison-et-Jardin-scaled.jpg?resize=2048%2C1365 2048w, https:\/\/i0.wp.com\/www.coray-vallat.ch\/wp-content\/uploads\/2024\/08\/Maison-et-Jardin-scaled.jpg?resize=18%2C12 18w, https:\/\/i0.wp.com\/www.coray-vallat.ch\/wp-content\/uploads\/2024\/08\/Maison-et-Jardin-scaled.jpg?w=1600 1600w, https:\/\/i0.wp.com\/www.coray-vallat.ch\/wp-content\/uploads\/2024\/08\/Maison-et-Jardin-scaled.jpg?w=2400 2400w\" sizes=\"(max-width: 768px) 100vw, 768px\" \/>                    <\/div>\r\n\r\n                    <div class=\"post-tag custom-post-tag\">Ver\u00f6ffentlichungen<\/div>\r\n                    <h3 class=\"post-title custom-post-title\">No\u00e9 Vallat, Architekt HES \u2013 durchdachte R\u00e4ume!<\/h3>\r\n\r\n                    <div class=\"post-excerpt custom-post-excerpt\">\r\n                        <p>Portr\u00e4t des B\u00fcros, ver\u00f6ffentlicht in der Zeitschrift Maison &amp; Jardin, Juli-August 2022. Den vollst\u00e4ndigen Artikel finden Sie unter dem folgenden Link.<\/p>\n<p class=\"post-link\"><a href=\"https:\/\/www.maisonetjardin.co\/single-post\/no%C3%A9-vallat-architecte-hes-des-espaces-raisonn%C3%A9s\" target=\"_blank\" rel=\"noopener noreferrer\">Mehr erfahren...<\/a><\/p>                    <\/div>\r\n                <\/div>\r\n                                <div class=\"blog-post-card\">\r\n                    <div class=\"post-date\">\r\n                        <div class=\"post-day\">30<\/div>\r\n                        <div class=\"post-month\">JUN<\/div>\r\n                        <div class=\"post-year\">2022<\/div>\r\n                    <\/div>\r\n\r\n                    <div class=\"post-thumbnail\">\r\n                        <img loading=\"lazy\" decoding=\"async\" width=\"768\" height=\"512\" src=\"https:\/\/i0.wp.com\/www.coray-vallat.ch\/wp-content\/uploads\/2022\/06\/UAPE-inauguration-scaled.jpg?fit=768%2C512\" class=\"attachment-medium_large size-medium_large wp-post-image\" alt=\"UAPE Einweihung scaled\" srcset=\"https:\/\/i0.wp.com\/www.coray-vallat.ch\/wp-content\/uploads\/2022\/06\/UAPE-inauguration-scaled.jpg?w=2560 2560w, https:\/\/i0.wp.com\/www.coray-vallat.ch\/wp-content\/uploads\/2022\/06\/UAPE-inauguration-scaled.jpg?resize=300%2C200 300w, https:\/\/i0.wp.com\/www.coray-vallat.ch\/wp-content\/uploads\/2022\/06\/UAPE-inauguration-scaled.jpg?resize=1024%2C683 1024w, https:\/\/i0.wp.com\/www.coray-vallat.ch\/wp-content\/uploads\/2022\/06\/UAPE-inauguration-scaled.jpg?resize=768%2C512 768w, https:\/\/i0.wp.com\/www.coray-vallat.ch\/wp-content\/uploads\/2022\/06\/UAPE-inauguration-scaled.jpg?resize=1536%2C1024 1536w, https:\/\/i0.wp.com\/www.coray-vallat.ch\/wp-content\/uploads\/2022\/06\/UAPE-inauguration-scaled.jpg?resize=2048%2C1365 2048w, https:\/\/i0.wp.com\/www.coray-vallat.ch\/wp-content\/uploads\/2022\/06\/UAPE-inauguration-scaled.jpg?resize=18%2C12 18w, https:\/\/i0.wp.com\/www.coray-vallat.ch\/wp-content\/uploads\/2022\/06\/UAPE-inauguration-scaled.jpg?w=1600 1600w, https:\/\/i0.wp.com\/www.coray-vallat.ch\/wp-content\/uploads\/2022\/06\/UAPE-inauguration-scaled.jpg?w=2400 2400w\" sizes=\"(max-width: 768px) 100vw, 768px\" \/>                    <\/div>\r\n\r\n                    <div class=\"post-tag custom-post-tag\">Er\u00f6ffnung<\/div>\r\n                    <h3 class=\"post-title custom-post-title\">Er\u00f6ffnung der neuen ausserschulischen Betreuung Bure<\/h3>\r\n\r\n                    <div class=\"post-excerpt custom-post-excerpt\">\r\n                        <p>Die neue au\u00dferschulische Betreuungseinrichtung wurde gemeinsam mit den Eltern und den zuk\u00fcnftigen Nutzern der R\u00e4umlichkeiten eingeweiht. Ab Dienstag, dem 16. August, k\u00f6nnen die ersten Kinder zum Schuljahresbeginn aufgenommen werden!<\/p>\n<p class=\"post-link\"><a href=\"https:\/\/www.facebook.com\/CommuneDeBure\/posts\/pfbid0ih8AeaGALBA4cPnMwVifbESZVoBhSkVq7kpsNXLD6qHXRuAm3mCXEHGkzhhxXU9Kl\" target=\"_blank\" rel=\"noopener noreferrer\">Mehr erfahren...<\/a><\/p>                    <\/div>\r\n                <\/div>\r\n                                <div class=\"blog-post-card\">\r\n                    <div class=\"post-date\">\r\n                        <div class=\"post-day\">27<\/div>\r\n                        <div class=\"post-month\">APR<\/div>\r\n                        <div class=\"post-year\">2022<\/div>\r\n                    <\/div>\r\n\r\n                    <div class=\"post-thumbnail\">\r\n                        <img loading=\"lazy\" decoding=\"async\" width=\"768\" height=\"512\" src=\"https:\/\/i0.wp.com\/www.coray-vallat.ch\/wp-content\/uploads\/2024\/08\/UAPE-debut-des-travaux-scaled.jpg?fit=768%2C512\" class=\"attachment-medium_large size-medium_large wp-post-image\" alt=\"UAPE Beginn der Bauarbeiten scaled\" srcset=\"https:\/\/i0.wp.com\/www.coray-vallat.ch\/wp-content\/uploads\/2024\/08\/UAPE-debut-des-travaux-scaled.jpg?w=2560 2560w, https:\/\/i0.wp.com\/www.coray-vallat.ch\/wp-content\/uploads\/2024\/08\/UAPE-debut-des-travaux-scaled.jpg?resize=300%2C200 300w, https:\/\/i0.wp.com\/www.coray-vallat.ch\/wp-content\/uploads\/2024\/08\/UAPE-debut-des-travaux-scaled.jpg?resize=1024%2C683 1024w, https:\/\/i0.wp.com\/www.coray-vallat.ch\/wp-content\/uploads\/2024\/08\/UAPE-debut-des-travaux-scaled.jpg?resize=768%2C512 768w, https:\/\/i0.wp.com\/www.coray-vallat.ch\/wp-content\/uploads\/2024\/08\/UAPE-debut-des-travaux-scaled.jpg?resize=1536%2C1024 1536w, https:\/\/i0.wp.com\/www.coray-vallat.ch\/wp-content\/uploads\/2024\/08\/UAPE-debut-des-travaux-scaled.jpg?resize=2048%2C1365 2048w, https:\/\/i0.wp.com\/www.coray-vallat.ch\/wp-content\/uploads\/2024\/08\/UAPE-debut-des-travaux-scaled.jpg?resize=18%2C12 18w, https:\/\/i0.wp.com\/www.coray-vallat.ch\/wp-content\/uploads\/2024\/08\/UAPE-debut-des-travaux-scaled.jpg?w=1600 1600w, https:\/\/i0.wp.com\/www.coray-vallat.ch\/wp-content\/uploads\/2024\/08\/UAPE-debut-des-travaux-scaled.jpg?w=2400 2400w\" sizes=\"(max-width: 768px) 100vw, 768px\" \/>                    <\/div>\r\n\r\n                    <div class=\"post-tag custom-post-tag\">Baustelle<\/div>\r\n                    <h3 class=\"post-title custom-post-title\">Los geht's mit den Bauarbeiten f\u00fcr die Kindertagesst\u00e4tte<\/h3>\r\n\r\n                    <div class=\"post-excerpt custom-post-excerpt\">\r\n                        <p>Die Umbauarbeiten f\u00fcr die Einrichtung einer au\u00dferschulischen Betreuung in den R\u00e4umlichkeiten der Grundschule haben begonnen. Nach der ersten Phase der Bohrarbeiten f\u00fcr die Leitungen und die neue B\u00fcrot\u00fcr konnten nun die Verputz- und Malerarbeiten beginnen. Es nimmt Gestalt an!<\/p>\n                    <\/div>\r\n                <\/div>\r\n                                <div class=\"blog-post-card\">\r\n                    <div class=\"post-date\">\r\n                        <div class=\"post-day\">26<\/div>\r\n                        <div class=\"post-month\">APR<\/div>\r\n                        <div class=\"post-year\">2022<\/div>\r\n                    <\/div>\r\n\r\n                    <div class=\"post-thumbnail\">\r\n                        <img loading=\"lazy\" decoding=\"async\" width=\"768\" height=\"512\" src=\"https:\/\/i0.wp.com\/www.coray-vallat.ch\/wp-content\/uploads\/2024\/08\/Ecole-de-Bure-debut-des-travaux-scaled.jpg?fit=768%2C512\" class=\"attachment-medium_large size-medium_large wp-post-image\" alt=\"Schule von Bure Beginn der Arbeiten scaled\" srcset=\"https:\/\/i0.wp.com\/www.coray-vallat.ch\/wp-content\/uploads\/2024\/08\/Ecole-de-Bure-debut-des-travaux-scaled.jpg?w=2560 2560w, https:\/\/i0.wp.com\/www.coray-vallat.ch\/wp-content\/uploads\/2024\/08\/Ecole-de-Bure-debut-des-travaux-scaled.jpg?resize=300%2C200 300w, https:\/\/i0.wp.com\/www.coray-vallat.ch\/wp-content\/uploads\/2024\/08\/Ecole-de-Bure-debut-des-travaux-scaled.jpg?resize=1024%2C683 1024w, https:\/\/i0.wp.com\/www.coray-vallat.ch\/wp-content\/uploads\/2024\/08\/Ecole-de-Bure-debut-des-travaux-scaled.jpg?resize=768%2C512 768w, https:\/\/i0.wp.com\/www.coray-vallat.ch\/wp-content\/uploads\/2024\/08\/Ecole-de-Bure-debut-des-travaux-scaled.jpg?resize=1536%2C1024 1536w, https:\/\/i0.wp.com\/www.coray-vallat.ch\/wp-content\/uploads\/2024\/08\/Ecole-de-Bure-debut-des-travaux-scaled.jpg?resize=2048%2C1365 2048w, https:\/\/i0.wp.com\/www.coray-vallat.ch\/wp-content\/uploads\/2024\/08\/Ecole-de-Bure-debut-des-travaux-scaled.jpg?resize=18%2C12 18w, https:\/\/i0.wp.com\/www.coray-vallat.ch\/wp-content\/uploads\/2024\/08\/Ecole-de-Bure-debut-des-travaux-scaled.jpg?w=1600 1600w, https:\/\/i0.wp.com\/www.coray-vallat.ch\/wp-content\/uploads\/2024\/08\/Ecole-de-Bure-debut-des-travaux-scaled.jpg?w=2400 2400w\" sizes=\"(max-width: 768px) 100vw, 768px\" \/>                    <\/div>\r\n\r\n                    <div class=\"post-tag custom-post-tag\">Baustelle<\/div>\r\n                    <h3 class=\"post-title custom-post-title\">Startschuss f\u00fcr die Arbeiten an der Grundschule in Bure<\/h3>\r\n\r\n                    <div class=\"post-excerpt custom-post-excerpt\">\r\n                        <p>W\u00e4hrend der Osterferien haben die Arbeiten zur Sanierung des Daches begonnen. Nach dem Entfernen des Kieses und der derzeitigen Isolierung wurde in diesen Tagen die Abdichtung vorgenommen.<\/p>\n                    <\/div>\r\n                <\/div>\r\n                                <div class=\"blog-post-card\">\r\n                    <div class=\"post-date\">\r\n                        <div class=\"post-day\">14<\/div>\r\n                        <div class=\"post-month\">DEZ<\/div>\r\n                        <div class=\"post-year\">2021<\/div>\r\n                    <\/div>\r\n\r\n                    <div class=\"post-thumbnail\">\r\n                        <img loading=\"lazy\" decoding=\"async\" width=\"768\" height=\"512\" src=\"https:\/\/i0.wp.com\/www.coray-vallat.ch\/wp-content\/uploads\/2024\/08\/UAPE-image-de-synthese-scaled.jpg?fit=768%2C512\" class=\"attachment-medium_large size-medium_large wp-post-image\" alt=\"UAPE image de synthese scaled\" srcset=\"https:\/\/i0.wp.com\/www.coray-vallat.ch\/wp-content\/uploads\/2024\/08\/UAPE-image-de-synthese-scaled.jpg?w=2560 2560w, https:\/\/i0.wp.com\/www.coray-vallat.ch\/wp-content\/uploads\/2024\/08\/UAPE-image-de-synthese-scaled.jpg?resize=300%2C200 300w, https:\/\/i0.wp.com\/www.coray-vallat.ch\/wp-content\/uploads\/2024\/08\/UAPE-image-de-synthese-scaled.jpg?resize=1024%2C683 1024w, https:\/\/i0.wp.com\/www.coray-vallat.ch\/wp-content\/uploads\/2024\/08\/UAPE-image-de-synthese-scaled.jpg?resize=768%2C512 768w, https:\/\/i0.wp.com\/www.coray-vallat.ch\/wp-content\/uploads\/2024\/08\/UAPE-image-de-synthese-scaled.jpg?resize=1536%2C1024 1536w, https:\/\/i0.wp.com\/www.coray-vallat.ch\/wp-content\/uploads\/2024\/08\/UAPE-image-de-synthese-scaled.jpg?resize=2048%2C1365 2048w, https:\/\/i0.wp.com\/www.coray-vallat.ch\/wp-content\/uploads\/2024\/08\/UAPE-image-de-synthese-scaled.jpg?resize=18%2C12 18w, https:\/\/i0.wp.com\/www.coray-vallat.ch\/wp-content\/uploads\/2024\/08\/UAPE-image-de-synthese-scaled.jpg?w=1600 1600w, https:\/\/i0.wp.com\/www.coray-vallat.ch\/wp-content\/uploads\/2024\/08\/UAPE-image-de-synthese-scaled.jpg?w=2400 2400w\" sizes=\"(max-width: 768px) 100vw, 768px\" \/>                    <\/div>\r\n\r\n                    <div class=\"post-tag custom-post-tag\">Aktuelles<\/div>\r\n                    <h3 class=\"post-title custom-post-title\">Gr\u00fcnes Licht f\u00fcr die Einrichtung einer au\u00dferschulischen Betreuungseinrichtung<\/h3>\r\n\r\n                    <div class=\"post-excerpt custom-post-excerpt\">\r\n                        <p>Kredit f\u00fcr die Einrichtung einer au\u00dferschulischen Betreuung durch die B\u00fcrger*innen von Bure bewilligt.<\/p>\n<p class=\"post-link\"><a href=\"https:\/\/www.rfj.ch\/rfj\/Actualite\/Region\/20211214-Plusieurs-assemblees-communales-en-Ajoie.html\" target=\"_blank\" rel=\"noopener noreferrer\">Mehr erfahren...<\/a><\/p>                    <\/div>\r\n                <\/div>\r\n                                <div class=\"blog-post-card\">\r\n                    <div class=\"post-date\">\r\n                        <div class=\"post-day\">27<\/div>\r\n                        <div class=\"post-month\">JUL<\/div>\r\n                        <div class=\"post-year\">2021<\/div>\r\n                    <\/div>\r\n\r\n                    <div class=\"post-thumbnail\">\r\n                        <img loading=\"lazy\" decoding=\"async\" width=\"768\" height=\"512\" src=\"https:\/\/i0.wp.com\/www.coray-vallat.ch\/wp-content\/uploads\/2024\/08\/logo-REG-scaled.jpg?fit=768%2C512\" class=\"attachment-medium_large size-medium_large wp-post-image\" alt=\"REG-Logo scaled\" srcset=\"https:\/\/i0.wp.com\/www.coray-vallat.ch\/wp-content\/uploads\/2024\/08\/logo-REG-scaled.jpg?w=2560 2560w, https:\/\/i0.wp.com\/www.coray-vallat.ch\/wp-content\/uploads\/2024\/08\/logo-REG-scaled.jpg?resize=300%2C200 300w, https:\/\/i0.wp.com\/www.coray-vallat.ch\/wp-content\/uploads\/2024\/08\/logo-REG-scaled.jpg?resize=1024%2C683 1024w, https:\/\/i0.wp.com\/www.coray-vallat.ch\/wp-content\/uploads\/2024\/08\/logo-REG-scaled.jpg?resize=768%2C512 768w, https:\/\/i0.wp.com\/www.coray-vallat.ch\/wp-content\/uploads\/2024\/08\/logo-REG-scaled.jpg?resize=1536%2C1024 1536w, https:\/\/i0.wp.com\/www.coray-vallat.ch\/wp-content\/uploads\/2024\/08\/logo-REG-scaled.jpg?resize=2048%2C1365 2048w, https:\/\/i0.wp.com\/www.coray-vallat.ch\/wp-content\/uploads\/2024\/08\/logo-REG-scaled.jpg?resize=18%2C12 18w, https:\/\/i0.wp.com\/www.coray-vallat.ch\/wp-content\/uploads\/2024\/08\/logo-REG-scaled.jpg?w=1600 1600w, https:\/\/i0.wp.com\/www.coray-vallat.ch\/wp-content\/uploads\/2024\/08\/logo-REG-scaled.jpg?w=2400 2400w\" sizes=\"(max-width: 768px) 100vw, 768px\" \/>                    <\/div>\r\n\r\n                    <div class=\"post-tag custom-post-tag\">Mitgliedschaften<\/div>\r\n                    <h3 class=\"post-title custom-post-title\">Eintragung in das REG B<\/h3>\r\n\r\n                    <div class=\"post-excerpt custom-post-excerpt\">\r\n                        <p class=\"post-link\"><a href=\"https:\/\/reg.ch\/fr\/registres\/registres\/profil-du-membre\/?id_partner=55220\" target=\"_blank\" rel=\"noopener noreferrer\">Mehr erfahren...<\/a><\/p>                    <\/div>\r\n                <\/div>\r\n                                <div class=\"blog-post-card\">\r\n                    <div class=\"post-date\">\r\n                        <div class=\"post-day\">23<\/div>\r\n                        <div class=\"post-month\">JUN<\/div>\r\n                        <div class=\"post-year\">2021<\/div>\r\n                    <\/div>\r\n\r\n                    <div class=\"post-thumbnail\">\r\n                        <img loading=\"lazy\" decoding=\"async\" width=\"768\" height=\"512\" src=\"https:\/\/i0.wp.com\/www.coray-vallat.ch\/wp-content\/uploads\/2024\/08\/AIJA-visite-scaled.jpg?fit=768%2C512\" class=\"attachment-medium_large size-medium_large wp-post-image\" alt=\"AIJA besucht scaled\" srcset=\"https:\/\/i0.wp.com\/www.coray-vallat.ch\/wp-content\/uploads\/2024\/08\/AIJA-visite-scaled.jpg?w=2560 2560w, https:\/\/i0.wp.com\/www.coray-vallat.ch\/wp-content\/uploads\/2024\/08\/AIJA-visite-scaled.jpg?resize=300%2C200 300w, https:\/\/i0.wp.com\/www.coray-vallat.ch\/wp-content\/uploads\/2024\/08\/AIJA-visite-scaled.jpg?resize=1024%2C683 1024w, https:\/\/i0.wp.com\/www.coray-vallat.ch\/wp-content\/uploads\/2024\/08\/AIJA-visite-scaled.jpg?resize=768%2C512 768w, https:\/\/i0.wp.com\/www.coray-vallat.ch\/wp-content\/uploads\/2024\/08\/AIJA-visite-scaled.jpg?resize=1536%2C1024 1536w, https:\/\/i0.wp.com\/www.coray-vallat.ch\/wp-content\/uploads\/2024\/08\/AIJA-visite-scaled.jpg?resize=2048%2C1365 2048w, https:\/\/i0.wp.com\/www.coray-vallat.ch\/wp-content\/uploads\/2024\/08\/AIJA-visite-scaled.jpg?resize=18%2C12 18w, https:\/\/i0.wp.com\/www.coray-vallat.ch\/wp-content\/uploads\/2024\/08\/AIJA-visite-scaled.jpg?w=1600 1600w, https:\/\/i0.wp.com\/www.coray-vallat.ch\/wp-content\/uploads\/2024\/08\/AIJA-visite-scaled.jpg?w=2400 2400w\" sizes=\"(max-width: 768px) 100vw, 768px\" \/>                    <\/div>\r\n\r\n                    <div class=\"post-tag custom-post-tag\">Aktuelles<\/div>\r\n                    <h3 class=\"post-title custom-post-title\">AIJA | Besuch der Couronne, dem Herzen des Grand Chasseral<\/h3>\r\n\r\n                    <div class=\"post-excerpt custom-post-excerpt\">\r\n                        <p>Wir hatten das Vergn\u00fcgen, das Projekt La Couronne zu besuchen, das k\u00fcnftige Besucherzentrum zur Aufwertung des Gebiets Grand Chasseral. Dieses Geb\u00e4ude im Herzen des Berner Jura hebt dank seiner Architektur aus lokalem Holz und seinem nachhaltigen Ansatz das regionale Know-how hervor. Ein inspirierender und bereichernder Besuch!<\/p>\n<p class=\"post-link\"><a href=\"https:\/\/www.aija.ch\/post\/visite-de-la-couronne-c%C5%93ur-du-grand-chasseral\" target=\"_blank\" rel=\"noopener noreferrer\">Mehr erfahren...<\/a><\/p>                    <\/div>\r\n                <\/div>\r\n                                <div class=\"blog-post-card\">\r\n                    <div class=\"post-date\">\r\n                        <div class=\"post-day\">22<\/div>\r\n                        <div class=\"post-month\">JUN<\/div>\r\n                        <div class=\"post-year\">2021<\/div>\r\n                    <\/div>\r\n\r\n                    <div class=\"post-thumbnail\">\r\n                        <img loading=\"lazy\" decoding=\"async\" width=\"768\" height=\"512\" src=\"https:\/\/i0.wp.com\/www.coray-vallat.ch\/wp-content\/uploads\/2021\/06\/AIJA-affiliation-scaled.jpg?fit=768%2C512\" class=\"attachment-medium_large size-medium_large wp-post-image\" alt=\"AIJA Affiliation scaled\" srcset=\"https:\/\/i0.wp.com\/www.coray-vallat.ch\/wp-content\/uploads\/2021\/06\/AIJA-affiliation-scaled.jpg?w=2560 2560w, https:\/\/i0.wp.com\/www.coray-vallat.ch\/wp-content\/uploads\/2021\/06\/AIJA-affiliation-scaled.jpg?resize=300%2C200 300w, https:\/\/i0.wp.com\/www.coray-vallat.ch\/wp-content\/uploads\/2021\/06\/AIJA-affiliation-scaled.jpg?resize=1024%2C683 1024w, https:\/\/i0.wp.com\/www.coray-vallat.ch\/wp-content\/uploads\/2021\/06\/AIJA-affiliation-scaled.jpg?resize=768%2C512 768w, https:\/\/i0.wp.com\/www.coray-vallat.ch\/wp-content\/uploads\/2021\/06\/AIJA-affiliation-scaled.jpg?resize=1536%2C1024 1536w, https:\/\/i0.wp.com\/www.coray-vallat.ch\/wp-content\/uploads\/2021\/06\/AIJA-affiliation-scaled.jpg?resize=2048%2C1365 2048w, https:\/\/i0.wp.com\/www.coray-vallat.ch\/wp-content\/uploads\/2021\/06\/AIJA-affiliation-scaled.jpg?resize=18%2C12 18w, https:\/\/i0.wp.com\/www.coray-vallat.ch\/wp-content\/uploads\/2021\/06\/AIJA-affiliation-scaled.jpg?w=1600 1600w, https:\/\/i0.wp.com\/www.coray-vallat.ch\/wp-content\/uploads\/2021\/06\/AIJA-affiliation-scaled.jpg?w=2400 2400w\" sizes=\"(max-width: 768px) 100vw, 768px\" \/>                    <\/div>\r\n\r\n                    <div class=\"post-tag custom-post-tag\">Mitgliedschaften<\/div>\r\n                    <h3 class=\"post-title custom-post-title\">Wir sind Mitglied der AIJA!<\/h3>\r\n\r\n                    <div class=\"post-excerpt custom-post-excerpt\">\r\n                        <p>Die AIJA vertritt seit \u00fcber 40 Jahren die Architekturb\u00fcros des Jura und des Berner Jura und hat folgende Ziele: die Aufwertung und Verteidigung des Architektenberufs die Verteidigung der wirtschaftlichen Interessen der Architekturb\u00fcros die F\u00f6rderung von Kontakten und Zusammenarbeit zwischen Architekten die Mitarbeit bei der Ausbildung von Zeichnerlehrlingen die F\u00f6rderung der Weiterbildung von Architekten Durch ihre t\u00e4gliche Arbeit tragen Architekten eine grosse Verantwortung gegen\u00fcber der Gesellschaft. Nur durch...<\/p>\n<p class=\"post-link\"><a href=\"https:\/\/www.aija.ch\/post\/bienvenue-aux-nouveaux-membres\" target=\"_blank\" rel=\"noopener noreferrer\">Mehr erfahren...<\/a><\/p>                    <\/div>\r\n                <\/div>\r\n                                <div class=\"blog-post-card\">\r\n                    <div class=\"post-date\">\r\n                        <div class=\"post-day\">22<\/div>\r\n                        <div class=\"post-month\">JUN<\/div>\r\n                        <div class=\"post-year\">2021<\/div>\r\n                    <\/div>\r\n\r\n                    <div class=\"post-thumbnail\">\r\n                        <img loading=\"lazy\" decoding=\"async\" width=\"768\" height=\"512\" src=\"https:\/\/i0.wp.com\/www.coray-vallat.ch\/wp-content\/uploads\/2024\/08\/Ecole-de-Bure-feu-vert-scaled.jpg?fit=768%2C512\" class=\"attachment-medium_large size-medium_large wp-post-image\" alt=\"Schule von Bure gr\u00fcnes Licht gescaled\" srcset=\"https:\/\/i0.wp.com\/www.coray-vallat.ch\/wp-content\/uploads\/2024\/08\/Ecole-de-Bure-feu-vert-scaled.jpg?w=2560 2560w, https:\/\/i0.wp.com\/www.coray-vallat.ch\/wp-content\/uploads\/2024\/08\/Ecole-de-Bure-feu-vert-scaled.jpg?resize=300%2C200 300w, https:\/\/i0.wp.com\/www.coray-vallat.ch\/wp-content\/uploads\/2024\/08\/Ecole-de-Bure-feu-vert-scaled.jpg?resize=1024%2C683 1024w, https:\/\/i0.wp.com\/www.coray-vallat.ch\/wp-content\/uploads\/2024\/08\/Ecole-de-Bure-feu-vert-scaled.jpg?resize=768%2C512 768w, https:\/\/i0.wp.com\/www.coray-vallat.ch\/wp-content\/uploads\/2024\/08\/Ecole-de-Bure-feu-vert-scaled.jpg?resize=1536%2C1024 1536w, https:\/\/i0.wp.com\/www.coray-vallat.ch\/wp-content\/uploads\/2024\/08\/Ecole-de-Bure-feu-vert-scaled.jpg?resize=2048%2C1365 2048w, https:\/\/i0.wp.com\/www.coray-vallat.ch\/wp-content\/uploads\/2024\/08\/Ecole-de-Bure-feu-vert-scaled.jpg?resize=18%2C12 18w, https:\/\/i0.wp.com\/www.coray-vallat.ch\/wp-content\/uploads\/2024\/08\/Ecole-de-Bure-feu-vert-scaled.jpg?w=1600 1600w, https:\/\/i0.wp.com\/www.coray-vallat.ch\/wp-content\/uploads\/2024\/08\/Ecole-de-Bure-feu-vert-scaled.jpg?w=2400 2400w\" sizes=\"(max-width: 768px) 100vw, 768px\" \/>                    <\/div>\r\n\r\n                    <div class=\"post-tag custom-post-tag\">Aktuelles<\/div>\r\n                    <h3 class=\"post-title custom-post-title\">Gr\u00fcnes Licht f\u00fcr die Renovierung der Schule in Bure<\/h3>\r\n\r\n                    <div class=\"post-excerpt custom-post-excerpt\">\r\n                        <p>Die B\u00fcrgerinnen und B\u00fcrger von Bure haben einen Betrag von zwei Millionen Franken f\u00fcr die Renovierung und Sanierung ihrer Grundschule bewilligt. Mit dieser Summe sollen insbesondere die Energieeffizienzstandards des Schulgeb\u00e4udes erf\u00fcllt und defekte Elemente instand gesetzt werden.<\/p>\n<p class=\"post-link\"><a href=\"https:\/\/www.rfj.ch\/rfj\/Actualite\/Region\/20210622-Feu-vert-a-la-renovation-de-l-ecole-a-Bure.html\" target=\"_blank\" rel=\"noopener noreferrer\">Mehr erfahren...<\/a><\/p>                    <\/div>\r\n                <\/div>\r\n                                <div class=\"blog-post-card\">\r\n                    <div class=\"post-date\">\r\n                        <div class=\"post-day\">21<\/div>\r\n                        <div class=\"post-month\">MAI<\/div>\r\n                        <div class=\"post-year\">2021<\/div>\r\n                    <\/div>\r\n\r\n                    <div class=\"post-thumbnail\">\r\n                        <img loading=\"lazy\" decoding=\"async\" width=\"768\" height=\"512\" src=\"https:\/\/i0.wp.com\/www.coray-vallat.ch\/wp-content\/uploads\/2024\/08\/Ecole-de-Bure-validation-projet-scaled.jpg?fit=768%2C512\" class=\"attachment-medium_large size-medium_large wp-post-image\" alt=\"Ecole de Bure Validierung Projekt scaled\" srcset=\"https:\/\/i0.wp.com\/www.coray-vallat.ch\/wp-content\/uploads\/2024\/08\/Ecole-de-Bure-validation-projet-scaled.jpg?w=2560 2560w, https:\/\/i0.wp.com\/www.coray-vallat.ch\/wp-content\/uploads\/2024\/08\/Ecole-de-Bure-validation-projet-scaled.jpg?resize=300%2C200 300w, https:\/\/i0.wp.com\/www.coray-vallat.ch\/wp-content\/uploads\/2024\/08\/Ecole-de-Bure-validation-projet-scaled.jpg?resize=1024%2C683 1024w, https:\/\/i0.wp.com\/www.coray-vallat.ch\/wp-content\/uploads\/2024\/08\/Ecole-de-Bure-validation-projet-scaled.jpg?resize=768%2C512 768w, https:\/\/i0.wp.com\/www.coray-vallat.ch\/wp-content\/uploads\/2024\/08\/Ecole-de-Bure-validation-projet-scaled.jpg?resize=1536%2C1024 1536w, https:\/\/i0.wp.com\/www.coray-vallat.ch\/wp-content\/uploads\/2024\/08\/Ecole-de-Bure-validation-projet-scaled.jpg?resize=2048%2C1365 2048w, https:\/\/i0.wp.com\/www.coray-vallat.ch\/wp-content\/uploads\/2024\/08\/Ecole-de-Bure-validation-projet-scaled.jpg?resize=18%2C12 18w, https:\/\/i0.wp.com\/www.coray-vallat.ch\/wp-content\/uploads\/2024\/08\/Ecole-de-Bure-validation-projet-scaled.jpg?w=1600 1600w, https:\/\/i0.wp.com\/www.coray-vallat.ch\/wp-content\/uploads\/2024\/08\/Ecole-de-Bure-validation-projet-scaled.jpg?w=2400 2400w\" sizes=\"(max-width: 768px) 100vw, 768px\" \/>                    <\/div>\r\n\r\n                    <div class=\"post-tag custom-post-tag\">Aktuelles<\/div>\r\n                    <h3 class=\"post-title custom-post-title\">Sanierung und Instandhaltung der Grundschule in Bure<\/h3>\r\n\r\n                    <div class=\"post-excerpt custom-post-excerpt\">\r\n                        <p>Ein Kredit in H\u00f6he von 2'050'000 Franken wird Ende Juni der Gemeindeversammlung vorgelegt. Insbesondere sind die Anpassung an die Energiestandards und die Instandhaltung des Geb\u00e4udes erforderlich.<\/p>\n<p class=\"post-link\"><a href=\"https:\/\/www.rfj.ch\/rfj\/Actualite\/Region\/20210528-Bure-veut-renover-son-ecole.html\" target=\"_blank\" rel=\"noopener noreferrer\">Mehr erfahren...<\/a><\/p>                    <\/div>\r\n                <\/div>\r\n                    <\/div>\r\n\r\n    <style>\r\n        .blog-video-grid {\r\n            display: grid;\r\n            grid-template-columns: repeat(3, 1fr);\r\n            gap: 20px;\r\n            align-items: stretch;\r\n        }\r\n\r\n        .blog-post-card, .blog-video-column {\r\n            display: flex;\r\n            flex-direction: column;\r\n            position: relative;\r\n        }\r\n\r\n        .post-date {\r\n            position: absolute;\r\n            top: 10px;\r\n            left: 10px;\r\n            color: #fff;\r\n            padding: 5px 8px;\r\n            font-size: 25px;\r\n            line-height: 1.2;\r\n            text-align: center;\r\n        }\r\n\r\n        .post-day {\r\n            font-size: 22px;\r\n            font-weight: bold;\r\n        }\r\n\r\n        .post-month {\r\n            font-size: 19px;\r\n        }\r\n\r\n        .post-year {\r\n            font-size: 16px;\r\n        }\r\n\r\n        .custom-post-tag {\r\n            color: #999;\r\n            font-size: 14px;\r\n            margin-top: 10px;\r\n        }\r\n\r\n        .custom-post-title {\r\n            font-size: 14px;\r\n            font-weight: bold;\r\n        }\r\n\r\n        .custom-post-excerpt p {\r\n            text-align: justify;\r\n            margin-bottom: 0.8em;\r\n            line-height: 1.5;\r\n        }\r\n\r\n        .post-link a {\r\n            color: #888;\r\n            font-weight: bold;\r\n            text-decoration: none;\r\n        }\r\n\r\n        .post-link a:hover {\r\n            text-decoration: underline;\r\n        }\r\n\r\n        .video-container {\r\n            flex: 1;\r\n            display: flex;\r\n            flex-direction: column;\r\n        }\r\n\r\n        .video-container video {\r\n            width: 100%;\r\n            height: 100%;\r\n            object-fit: cover;\r\n        }\r\n\r\n        @media (max-width: 1024px) {\r\n            .blog-video-grid {\r\n                grid-template-columns: repeat(2, 1fr);\r\n            }\r\n        }\r\n\r\n        @media (max-width: 768px) {\r\n            .blog-video-grid {\r\n                grid-template-columns: 1fr;\r\n            }\r\n        }\r\n    <\/style>\r\n    \n\t\t\t\t<\/div>\n\t\t\t\t<\/div>\n\t\t\t\t\t<\/div>\n\t\t\t\t<\/div>\n\t\t\t\t<\/div>","protected":false},"excerpt":{"rendered":"<p>News<\/p>","protected":false},"author":1,"featured_media":0,"parent":0,"menu_order":0,"comment_status":"closed","ping_status":"closed","template":"","meta":{"footnotes":""},"class_list":["post-1334","page","type-page","status-publish","hentry"],"_links":{"self":[{"href":"http:\/\/www.coray-vallat.ch\/de\/wp-json\/wp\/v2\/pages\/1334","targetHints":{"allow":["GET"]}}],"collection":[{"href":"http:\/\/www.coray-vallat.ch\/de\/wp-json\/wp\/v2\/pages"}],"about":[{"href":"http:\/\/www.coray-vallat.ch\/de\/wp-json\/wp\/v2\/types\/page"}],"author":[{"embeddable":true,"href":"http:\/\/www.coray-vallat.ch\/de\/wp-json\/wp\/v2\/users\/1"}],"replies":[{"embeddable":true,"href":"http:\/\/www.coray-vallat.ch\/de\/wp-json\/wp\/v2\/comments?post=1334"}],"version-history":[{"count":87,"href":"http:\/\/www.coray-vallat.ch\/de\/wp-json\/wp\/v2\/pages\/1334\/revisions"}],"predecessor-version":[{"id":4576,"href":"http:\/\/www.coray-vallat.ch\/de\/wp-json\/wp\/v2\/pages\/1334\/revisions\/4576"}],"wp:attachment":[{"href":"http:\/\/www.coray-vallat.ch\/de\/wp-json\/wp\/v2\/media?parent=1334"}],"curies":[{"name":"wp","href":"https:\/\/api.w.org\/{rel}","templated":true}]}}